{"id":145,"date":"2020-11-12T19:33:01","date_gmt":"2020-11-12T18:33:01","guid":{"rendered":"http:\/\/www.autitools.com\/autitools\/?post_type=product&#038;p=145"},"modified":"2025-11-11T18:56:03","modified_gmt":"2025-11-11T17:56:03","slug":"lautisme-vu-de-linterieur-h-de-clercq","status":"publish","type":"product","link":"https:\/\/www.autitools.eu\/index.php\/produit\/lautisme-vu-de-linterieur-h-de-clercq\/","title":{"rendered":"L\u2019autisme vu de l\u2019int\u00e9rieur. H. de Clercq"},"content":{"rendered":"<p>Ce livre couvre l\u2019ensemble des manifestations de ce trouble : des sympt\u00f4mes de l\u2019autisme classique ou atypique jusqu\u2019au syndrome d\u2019Asperger. Il concerne toutes les personnes avec autisme, quel que soit leur niveau intellectuel, du plus s\u00e9v\u00e8re retard mental jusqu\u2019au niveau le plus \u00e9lev\u00e9, du non-verbal au langage le plus \u00e9labor\u00e9.<br \/>\nL\u2019Autisme est un handicap invisible. Rien ne transpara\u00eet au premier abord. Lorsque vous aurez lu ce livre, vous saurez que l\u2019Autisme a vraiment peu de choses \u00e0 voir avec le simple contact visuel, ou avec les st\u00e9r\u00e9otypies et les troubles du comportement, ni m\u00eame avec la r\u00e9sistance au changement. Ce ne sont l\u00e0 que des sympt\u00f4mes, mais ils peuvent nous permettre de p\u00e9n\u00e9trer les bases de l\u2019Autisme. Un grand nombre de ces caract\u00e9ristiques (r\u00e9sistance au changement, comportement st\u00e9r\u00e9otyp\u00e9, besoin de stabilit\u00e9, de pr\u00e9visibilit\u00e9 et de pr\u00e9cision) se rencontrent \u00e9galement chez les personnes dites \u00abnormales\u00bb lors de moments de stress, mais jamais avec autant d\u2019intensit\u00e9 que chez les personnes autistes et jamais toutes en m\u00eame temps. C\u2019est parce que les gens ordinaires ne sont pas des autistes. L\u2019autisme vient de la personne elle-m\u00eame, et non pas de son environnement.<\/p>\n","protected":false},"excerpt":{"rendered":"<p>Ce livre couvre l\u2019ensemble des manifestations de ce trouble : des sympt\u00f4mes de l\u2019autisme classique ou atypique jusqu\u2019au syndrome d\u2019Asperger. Il concerne toutes les personnes avec autisme, quel que soit leur niveau intellectuel, du plus s\u00e9v\u00e8re retard mental jusqu\u2019au niveau le plus \u00e9lev\u00e9, du non-verbal au langage le plus \u00e9labor\u00e9. L\u2019Autisme est un handicap invisible. [&hellip;]<\/p>\n","protected":false},"featured_media":150,"template":"","meta":[],"product_brand":[],"product_cat":[18,19],"product_tag":[],"class_list":{"0":"post-145","1":"product","2":"type-product","3":"status-publish","4":"has-post-thumbnail","6":"product_cat-connaissance-de-lautisme","7":"product_cat-tous","9":"first","10":"instock","11":"taxable","12":"shipping-taxable","13":"purchasable","14":"product-type-variable"},"jetpack_sharing_enabled":true,"_links":{"self":[{"href":"https:\/\/www.autitools.eu\/index.php\/wp-json\/wp\/v2\/product\/145","targetHints":{"allow":["GET"]}}],"collection":[{"href":"https:\/\/www.autitools.eu\/index.php\/wp-json\/wp\/v2\/product"}],"about":[{"href":"https:\/\/www.autitools.eu\/index.php\/wp-json\/wp\/v2\/types\/product"}],"wp:featuredmedia":[{"embeddable":true,"href":"https:\/\/www.autitools.eu\/index.php\/wp-json\/wp\/v2\/media\/150"}],"wp:attachment":[{"href":"https:\/\/www.autitools.eu\/index.php\/wp-json\/wp\/v2\/media?parent=145"}],"wp:term":[{"taxonomy":"product_brand","embeddable":true,"href":"https:\/\/www.autitools.eu\/index.php\/wp-json\/wp\/v2\/product_brand?post=145"},{"taxonomy":"product_cat","embeddable":true,"href":"https:\/\/www.autitools.eu\/index.php\/wp-json\/wp\/v2\/product_cat?post=145"},{"taxonomy":"product_tag","embeddable":true,"href":"https:\/\/www.autitools.eu\/index.php\/wp-json\/wp\/v2\/product_tag?post=145"}],"curies":[{"name":"wp","href":"https:\/\/api.w.org\/{rel}","templated":true}]}}