{"id":295,"date":"2021-01-04T19:41:04","date_gmt":"2021-01-04T18:41:04","guid":{"rendered":"https:\/\/www.autitools.eu\/?post_type=product&#038;p=295"},"modified":"2025-11-11T18:33:55","modified_gmt":"2025-11-11T17:33:55","slug":"maman-rescapee-de-lautisme-sylvie-le-brazidec","status":"publish","type":"product","link":"https:\/\/www.autitools.eu\/index.php\/produit\/maman-rescapee-de-lautisme-sylvie-le-brazidec\/","title":{"rendered":"Maman rescap\u00e9e de l\u2019autisme. Sylvie Le Brazidec"},"content":{"rendered":"<div>\n<p>Encore un livre sur l\u2019autisme ?<span class=\"apple-converted-space\">\u00a0<\/span><\/p>\n<\/div>\n<div>\n<p>Ce livre n\u2019est pas la description d\u2019une m\u00e9thode miracle qui pourrait laisser penser que de nos jours, tous les enfants atteints d\u2019autisme peuvent s\u2019en sortir, comme le laisse sugg\u00e9rer certains reportages diffus\u00e9s \u00e0 l\u2019occasion de la journ\u00e9e de l\u2019autisme par exemple. C\u2019est bien s\u00fbr utile de montrer les progr\u00e8s r\u00e9alis\u00e9s en mati\u00e8re de prise en charge, mais tous n\u2019en b\u00e9n\u00e9ficient pas, loin de l\u00e0. Trop d\u2019autistes croupissent encore en h\u00f4pital psychiatrique, ou restent \u00e0 la charge exclusive des parents parfois vieillissants, pendant des ann\u00e9es.<span class=\"apple-converted-space\">\u00a0<\/span><\/p>\n<\/div>\n<div>\n<p>Ce livre est un t\u00e9moignage, mon t\u00e9moignage, une maman qui a simplement fait ce qu\u2019elle a pu pour faire face chaque jour \u00e0 l\u2019autisme avec plus ou moins d\u2019aide.<span class=\"apple-converted-space\">\u00a0<\/span><\/p>\n<\/div>\n<div>\n<p>Il n\u2019y a pas deux autistes semblables, les parents concern\u00e9s comme moi se reconna\u00eetront pour telle ou telle description, je sais que si pour certaines familles le parcours aura \u00e9t\u00e9 moins difficile que le mien, je sais aussi que d\u2019autres vivent des situations bien plus dramatiques.<span class=\"apple-converted-space\">\u00a0<\/span><\/p>\n<\/div>\n<div>\n<p>Je compare l\u2019\u00e9criture de ce livre \u00e0 un accouchement de cet \u00e9pisode de ma vie, qui va de la naissance de Ronan jusqu\u2019\u00e0 sa prise en charge en foyer d\u2019accueil m\u00e9dicalis\u00e9. Tout est clair pour moi \u00e0 pr\u00e9sent, tout est \u00e9crit noir sur blanc, je peux maintenant d\u00e9buter une nouvelle vie \u00e0 l\u2019aube de la quarantaine, et penser enfin un peu plus \u00e0 moi, sans bien s\u00fbr oublier Ronan, qui par bonheur r\u00e9side dans la m\u00eame ville que moi.<span class=\"apple-converted-space\">\u00a0<\/span><\/p>\n<\/div>\n","protected":false},"excerpt":{"rendered":"<p>Encore un livre sur l\u2019autisme ?\u00a0 Ce livre n\u2019est pas la description d\u2019une m\u00e9thode miracle qui pourrait laisser penser que de nos jours, tous les enfants atteints d\u2019autisme peuvent s\u2019en sortir, comme le laisse sugg\u00e9rer certains reportages diffus\u00e9s \u00e0 l\u2019occasion de la journ\u00e9e de l\u2019autisme par exemple. C\u2019est bien s\u00fbr utile de montrer les progr\u00e8s [&hellip;]<\/p>\n","protected":false},"featured_media":300,"template":"","meta":[],"product_brand":[],"product_cat":[32,19],"product_tag":[],"class_list":{"0":"post-295","1":"product","2":"type-product","3":"status-publish","4":"has-post-thumbnail","6":"product_cat-temoignage","7":"product_cat-tous","9":"first","10":"instock","11":"taxable","12":"shipping-taxable","13":"purchasable","14":"product-type-variable"},"jetpack_sharing_enabled":true,"_links":{"self":[{"href":"https:\/\/www.autitools.eu\/index.php\/wp-json\/wp\/v2\/product\/295","targetHints":{"allow":["GET"]}}],"collection":[{"href":"https:\/\/www.autitools.eu\/index.php\/wp-json\/wp\/v2\/product"}],"about":[{"href":"https:\/\/www.autitools.eu\/index.php\/wp-json\/wp\/v2\/types\/product"}],"wp:featuredmedia":[{"embeddable":true,"href":"https:\/\/www.autitools.eu\/index.php\/wp-json\/wp\/v2\/media\/300"}],"wp:attachment":[{"href":"https:\/\/www.autitools.eu\/index.php\/wp-json\/wp\/v2\/media?parent=295"}],"wp:term":[{"taxonomy":"product_brand","embeddable":true,"href":"https:\/\/www.autitools.eu\/index.php\/wp-json\/wp\/v2\/product_brand?post=295"},{"taxonomy":"product_cat","embeddable":true,"href":"https:\/\/www.autitools.eu\/index.php\/wp-json\/wp\/v2\/product_cat?post=295"},{"taxonomy":"product_tag","embeddable":true,"href":"https:\/\/www.autitools.eu\/index.php\/wp-json\/wp\/v2\/product_tag?post=295"}],"curies":[{"name":"wp","href":"https:\/\/api.w.org\/{rel}","templated":true}]}}